{"id":2847,"date":"2025-09-15T09:57:09","date_gmt":"2025-09-15T07:57:09","guid":{"rendered":"https:\/\/ott.at\/vini\/ried-kirchthal-feuersbrunn\/"},"modified":"2026-02-11T12:02:38","modified_gmt":"2026-02-11T11:02:38","slug":"ried-kirchthal-feuersbrunn","status":"publish","type":"page","link":"https:\/\/ott.at\/it\/vini\/ried-kirchthal-feuersbrunn\/","title":{"rendered":"Ried KIRCHTHAL Feuersbrunn"},"content":{"rendered":"<div class=\"wpb-content-wrapper\"><p>[vc_row el_id=&#8221;revslider&#8221;][vc_column]\n\t\t\t\t<p class=\"rs-p-wp-fix\"><\/p>\n\t\t\t\t<sr7-module data-alias=\"ried-kirchthal\" data-id=\"12\" id=\"SR7_12_1\" class=\"rs-ov-hidden\" data-version=\"6.7.41\">\n\t\t\t\t\t<sr7-adjuster><\/sr7-adjuster>\n\t\t\t\t\t<sr7-content>\n\t\t\t\t\t\t<sr7-slide id=\"SR7_12_1-23\" data-key=\"23\">\n\t\t\t\t\t\t<\/sr7-slide>\n\t\t\t\t\t\t<sr7-slide id=\"SR7_12_1-24\" data-key=\"24\">\n\t\t\t\t\t\t<\/sr7-slide>\n\t\t\t\t\t<\/sr7-content>\n\t\t\t\t\t<image_lists style=\"display:none\">\n\t\t\t\t\t\t<img data-src=\"\/\/ott.at\/wp-content\/uploads\/2025\/09\/kirchthal_schrift_weiss.svg\" data-libid=\"594\" data-lib=\"medialibrary\" title=\"kirchthal_schrift_weiss\" width=\"0\" height=\"0\" data-dbsrc=\"Ly9vdHQuYXQvd3AtY29udGVudC91cGxvYWRzLzIwMjUvMDkva2lyY2h0aGFsX3NjaHJpZnRfd2Vpc3Muc3Zn\"\/>\n\t\t\t\t\t<\/image_lists>\n\t\t\t\t<\/sr7-module>\n\t\t\t\t<script>\n\t\t\t\t\tSR7.PMH ??={}; SR7.PMH[\"SR7_12_1\"] = {cn:100,state:false,fn: function() { if (_tpt!==undefined && _tpt.prepareModuleHeight !== undefined) {  _tpt.prepareModuleHeight({id:\"SR7_12_1\",el:[1080,1080,768,960,720],type:'hero',shdw:'0',gh:[1080,1080,768,960,720],gw:[2560,2560,1024,778,480],vpt:['-100px&#039;,&#039;-100px&#039;,&#039;-100px&#039;,&#039;-100px&#039;,&#039;-100px'],size:{fullWidth:true, fullHeight:true},fho:'',mh:'0',onh:0,onw:0,bg:{color:'{\"orig\":\"transparent\",\"type\":\"solid\",\"string\":\"transparent\"}'},googleFont:\"ignore\"});   SR7.PMH[\"SR7_12_1\"].state=true;} else if(SR7.PMH[\"SR7_12_1\"].cn-->0)\tsetTimeout( SR7.PMH[\"SR7_12_1\"].fn,19);}};SR7.PMH[\"SR7_12_1\" ].fn();\n\t\t\t\t<\/script>\n[\/vc_column][\/vc_row][vc_row content_placement=&#8221;middle&#8221; css=&#8221;.vc_custom_1755686532154{margin-top: 35px !important;}&#8221; el_id=&#8221;lagenwein-intro-row&#8221;][vc_column width=&#8221;1\/2&#8243;][vc_column_text css=&#8221;&#8221;]<\/p>\n<h1 style=\"text-align: left;\">Ried KIRCHTHAL Feuersbrunn<\/h1>\n<p>[\/vc_column_text][vc_single_image image=&#8221;2842&#8243; img_size=&#8221;full&#8221; alignment=&#8221;right&#8221; css=&#8221;&#8221;][\/vc_column][vc_column width=&#8221;1\/2&#8243;][vc_single_image image=&#8221;2843&#8243; img_size=&#8221;full&#8221; alignment=&#8221;center&#8221; css=&#8221;&#8221;][vc_column_text css=&#8221;&#8221; el_class=&#8221;abrissbox querformat&#8221;]<\/p>\n<h2><strong>OTT moltiplicato per 2.<\/strong><\/h2>\n<p>Vigneti Veltliner e Riesling. Le viti del Riesling provengono dalla regione del Nahe e sono state innestate da noi nel 1989. Vini dall\u2019aroma molto fine e delicato. Disponibile in quantit\u00e0 limitate, sul mercato solo due anni dopo.[\/vc_column_text][\/vc_column][\/vc_row][vc_row full_width=&#8221;stretch_row_content_no_spaces&#8221;][vc_column][vc_raw_html]JTNDZGl2JTIwaWQlM0QlMjJwYXJhbGxheC1jb250YWluZXIlMjIlM0UlM0MlMkZkaXYlM0U=[\/vc_raw_html][\/vc_column][\/vc_row][vc_row content_placement=&#8221;top&#8221; el_id=&#8221;lagenwein-boden-row&#8221;][vc_column width=&#8221;2\/6&#8243;][vc_single_image image=&#8221;2844&#8243; img_size=&#8221;full&#8221; alignment=&#8221;right&#8221; css=&#8221;&#8221; el_id=&#8221;home-ab-hof-img&#8221;][\/vc_column][vc_column width=&#8221;3\/6&#8243;][vc_column_text css=&#8221;&#8221; el_class=&#8221;abrissbox querformat&#8221;]<\/p>\n<h2>Dall\u2019annata 2023, classificato 1\u00d6TW Erste Lage.<\/h2>\n<p>Il vigneto Riede Kirchthal sorge a un&#8217;altitudine massima di 370 metri sul livello del mare, il che lo rende il pi\u00f9 elevato di Feuersbrunn. I terreni sono in loess massiccio, con strati di marna nei vigneti di Gr\u00fcner Veltliner. Altrettanto tipiche di queste altezze sono le ghiaie terziarie in cui crescono le nostre viti di Riesling. Il nome Kirchtal deriva dal fatto che in questo piccolo avvallamento naturale il suono delle campane della chiesa risuonava particolarmente bene.[\/vc_column_text][\/vc_column][vc_column width=&#8221;1\/6&#8243;][vc_single_image image=&#8221;2845&#8243; img_size=&#8221;200&#215;200&#8243; css=&#8221;&#8221; el_id=&#8221;einsoetw&#8221;][\/vc_column][\/vc_row][vc_row disable_element=&#8221;yes&#8221; el_id=&#8221;lagenwein-video-row&#8221;][vc_column width=&#8221;1\/4&#8243;][\/vc_column][vc_column width=&#8221;3\/4&#8243;][vc_raw_html]JTVCcHJlc3RvX3BsYXllciUyMGlkJTNENDk3JTVE[\/vc_raw_html][\/vc_column][\/vc_row][vc_row full_width=&#8221;stretch_row&#8221; content_placement=&#8221;bottom&#8221; css=&#8221;.vc_custom_1759133292066{background-image: url(https:\/\/ott.at\/wp-content\/uploads\/2025\/09\/Kirchtal-3-min.jpg?id=1206) !important;}&#8221; el_id=&#8221;punktierung-row&#8221;][vc_column width=&#8221;1\/2&#8243;][\/vc_column][vc_column width=&#8221;1\/2&#8243;][vc_column_text css=&#8221;&#8221; el_class=&#8221;abrissbox querformat&#8221;]Con l\u2019annata 2017, per la prima volta \u00e8 stato prodotto un vino cru proveniente da questo vigneto. Gi\u00e0 al suo debutto ebbe un successo immediato, ottenendo costantemente pi\u00f9 di 93 punti nelle principali pubblicazioni enologiche come \u201cA la Carte\u201d e \u201cFalstaff\u201d. Con l\u2019annata 2023, classificata per la prima volta come Erste Lage, abbiamo ottenuto l\u2019impressionante <strong>punteggio di 96 sulla rivista \u201cA la Carte\u201d e 95 su \u201cFalstaff\u201d<\/strong>. Uno sviluppo che dimostra tutto il potenziale di questo vigneto, e non vediamo l\u2019ora di scoprire ci\u00f2 che ancora ci aspetta.[\/vc_column_text][\/vc_column][\/vc_row][vc_row][vc_column][vc_empty_space height=&#8221;50px&#8221;][\/vc_column][\/vc_row][vc_row css=&#8221;.vc_custom_1755689040018{background-color: #FFFFFF !important;}&#8221;][vc_column][vc_column_text css=&#8221;&#8221;]<\/p>\n<h2 style=\"text-align: center;\">Ried KIRCHTHAL Feuersbrunn nel calice<\/h2>\n<p>[\/vc_column_text][vc_row_inner][vc_column_inner width=&#8221;1\/3&#8243;][vc_column_text css=&#8221;&#8221;]<\/p>\n<h3 style=\"text-align: center;\">ORIGINE<\/h3>\n<p style=\"text-align: center;\">Un vigneto adiacente al bosco sul versante posteriore dell&#8217;Hengstberg a nord di Feuersbrunn, con due terroir diversi. Terrazza esposta a sud con suolo di loess, ma composta principalmente da ghiaia terziaria tipica dell&#8217;altitudine, e con opok (marna calcarea con sedimenti sabbiosi) a una profondit\u00e0 di circa 80 metri.<\/p>\n<p>[\/vc_column_text][\/vc_column_inner][vc_column_inner width=&#8221;1\/3&#8243;][vc_column_text css=&#8221;&#8221;]<\/p>\n<h3 style=\"text-align: center;\">VENDEMMIA E VINIFICAZIONE<\/h3>\n<p style=\"text-align: center;\">100% raccolta manuale. 100% fermentazione spontanea. 100% pressa a cestello. Resta per due inverni nelle grandi botti di legno della bottaia Stockinger e viene imbottigliato non prima del maggio seguente.<\/p>\n<p>[\/vc_column_text][\/vc_column_inner][vc_column_inner width=&#8221;1\/3&#8243;][vc_column_text css=&#8221;&#8221;]<\/p>\n<h3 style=\"text-align: center;\">ESPERIENZA GUSTATIVA<\/h3>\n<p style=\"text-align: center;\"><strong>Gr\u00fcner Veltliner: <\/strong>Complesso, finemente speziato, mostra un carattere secco in senso positivo, con un finale leggermente agrumato.<\/p>\n<p style=\"text-align: center;\"><strong>Riesling: <\/strong>Pesca bianca, un soffio di zafferano, note floreali, con un sottofondo di scorza di lime.<\/p>\n<p>[\/vc_column_text][\/vc_column_inner][\/vc_row_inner][\/vc_column][\/vc_row][vc_row el_id=&#8221;main-product-row&#8221;][vc_column][vc_raw_html css=&#8221;&#8221;]JTVCaW5zeWRlX3Byb2R1Y3Rfc2VjdGlvbl9ub19wcmljZSUyMGlkJTNEJTIyNzg0JTIyJTVE[\/vc_raw_html][vc_empty_space height=&#8221;65px&#8221;][\/vc_column][\/vc_row][vc_row css=&#8221;.vc_custom_1770805084631{background-color: #FFFFFF !important;}&#8221;][vc_column el_class=&#8221;spalte-unter-bild&#8221;][vc_column_text css=&#8221;&#8221; el_class=&#8221;zeile-im-bild&#8221;]<\/p>\n<p style=\"text-align: center;\">\u201eDall\u2019annata 2023 1\u00d6TW Erste Lage. Il vigneto Kirchthal si trova fino a 370 metri sul livello del mare ed \u00e8 quindi il sito pi\u00f9 elevato di Feuersbrunn.\u201d<\/p>\n<p>[\/vc_column_text][vc_empty_space height=&#8221;12px&#8221;][vc_row_inner el_class=&#8221;info-unter-bild&#8221;][vc_column_inner width=&#8221;1\/3&#8243;][vc_column_text css=&#8221;&#8221;]<\/p>\n<p style=\"text-align: center;\"><strong>VITIGNO:<\/strong><br \/>\nGr\u00fcner Veltliner<\/p>\n<p>[\/vc_column_text][vc_column_text css=&#8221;&#8221;]<\/p>\n<p style=\"text-align: center;\"><strong>ET\u00c0 DELLE VITI:<\/strong><br \/>\nimpiantate nel 2008<\/p>\n<p>[\/vc_column_text][vc_column_text css=&#8221;&#8221;]<\/p>\n<p style=\"text-align: center;\"><strong>SUOLO:<\/strong><br \/>\nloess con Haller Schlier<\/p>\n<p>[\/vc_column_text][\/vc_column_inner][vc_column_inner width=&#8221;1\/3&#8243;][vc_column_text css=&#8221;&#8221;]<\/p>\n<p style=\"text-align: center;\"><strong>VIGNETI:<\/strong><br \/>\nimpiantati Nord\/Sud<\/p>\n<p>[\/vc_column_text][vc_column_text css=&#8221;&#8221;]<\/p>\n<p style=\"text-align: center;\"><strong>ALTITUDINE:<\/strong><br \/>\n300 \u2013 370 metri<\/p>\n<p>[\/vc_column_text][\/vc_column_inner][vc_column_inner width=&#8221;1\/3&#8243;][vc_column_text css=&#8221;&#8221;]<\/p>\n<p style=\"text-align: center;\"><strong>VINIFICAZIONE \/ AFFINAMENTO:<\/strong><br \/>\nvendemmia manuale, pressatura a cesto, fermentazione spontanea e due inverni in grande botte di legno<\/p>\n<p>[\/vc_column_text][vc_column_text css=&#8221;&#8221;]<\/p>\n<p style=\"text-align: center;\"><strong>CHIUSURA:<\/strong><br \/>\nsughero<\/p>\n<p>[\/vc_column_text][vc_column_text css=&#8221;&#8221;]<\/p>\n<p style=\"text-align: center;\"><strong>POTENZIALE DI INVECCHIAMENTO:<\/strong><br \/>\nuna questione di autodisciplina<\/p>\n<p>[\/vc_column_text][\/vc_column_inner][\/vc_row_inner][\/vc_column][\/vc_row][vc_row][vc_column][vc_empty_space height=&#8221;100px&#8221;][\/vc_column][\/vc_row][vc_row el_id=&#8221;main-product-row&#8221;][vc_column][vc_raw_html css=&#8221;&#8221;]JTVCaW5zeWRlX3Byb2R1Y3Rfc2VjdGlvbl9ub19wcmljZSUyMGlkJTNEJTIyNzgxJTIyJTVE[\/vc_raw_html][vc_empty_space height=&#8221;100px&#8221;][\/vc_column][\/vc_row][vc_row css=&#8221;.vc_custom_1770805084631{background-color: #FFFFFF !important;}&#8221;][vc_column el_class=&#8221;spalte-unter-bild&#8221;][vc_column_text css=&#8221;&#8221; el_class=&#8221;zeile-im-bild&#8221;]<\/p>\n<p style=\"text-align: center;\"><span class=\"--l --r hover:bg-blue-100 hover:dark:bg-blue-600\">Stands<\/span> <span class=\"--l --r hover:bg-blue-100 hover:dark:bg-blue-600\">for<\/span> <span class=\"--l --r hover:bg-blue-100 hover:dark:bg-blue-600\">OTT<\/span>. <span class=\"--l --r hover:bg-blue-100 hover:dark:bg-blue-600\">From<\/span> <span class=\"--l --r hover:bg-blue-100 hover:dark:bg-blue-600\">Feuersbrunn<\/span> <span class=\"--l --r hover:bg-blue-100 hover:dark:bg-blue-600\">to<\/span> <span class=\"--l --r hover:bg-blue-100 hover:dark:bg-blue-600\">New<\/span> <span class=\"--l --r hover:bg-blue-100 hover:dark:bg-blue-600\">York<\/span>. <span class=\"--l --r hover:bg-blue-100 hover:dark:bg-blue-600\">Small<\/span> <span class=\"--l --r hover:bg-blue-100 hover:dark:bg-blue-600\">parcels<\/span> <span class=\"--l --r hover:bg-blue-100 hover:dark:bg-blue-600\">vinified<\/span> <span class=\"--l --r hover:bg-blue-100 hover:dark:bg-blue-600\">separately<\/span> <span class=\"--l --r hover:bg-blue-100 hover:dark:bg-blue-600\">and<\/span> <span class=\"--l --r hover:bg-blue-100 hover:dark:bg-blue-600\">then<\/span> <span class=\"--l --r hover:bg-blue-100 hover:dark:bg-blue-600\">blended<\/span>. <span class=\"--l --r hover:bg-blue-100 hover:dark:bg-blue-600\">This<\/span> <span class=\"--l --r hover:bg-blue-100 hover:dark:bg-blue-600\">is<\/span> <span class=\"--l --r hover:bg-blue-100 hover:dark:bg-blue-600\">how<\/span> <span class=\"--l --r hover:bg-blue-100 hover:dark:bg-blue-600\">you<\/span> <span class=\"--l --r hover:bg-blue-100 hover:dark:bg-blue-600\">capture<\/span> <span class=\"--l --r hover:bg-blue-100 hover:dark:bg-blue-600\">the<\/span> <span class=\"--l --r hover:bg-blue-100 hover:dark:bg-blue-600\">year<\/span>. <span class=\"--l --r hover:bg-blue-100 hover:dark:bg-blue-600\">And<\/span> <span class=\"--l --r hover:bg-blue-100 hover:dark:bg-blue-600\">let<\/span> <span class=\"--l --r hover:bg-blue-100 hover:dark:bg-blue-600\">it<\/span> <span class=\"--l --r hover:bg-blue-100 hover:dark:bg-blue-600\">linger<\/span>. <span class=\"--l --r hover:bg-blue-100 hover:dark:bg-blue-600\">In<\/span> <span class=\"--l --r hover:bg-blue-100 hover:dark:bg-blue-600\">fine<\/span>&#8211;<span class=\"--l --r hover:bg-blue-100 hover:dark:bg-blue-600\">stemmed<\/span> <span class=\"--l --r hover:bg-blue-100 hover:dark:bg-blue-600\">glasses<\/span>. <span class=\"--l --r hover:bg-blue-100 hover:dark:bg-blue-600\">In<\/span> <span class=\"--l --r hover:bg-blue-100 hover:dark:bg-blue-600\">honour<\/span> <span class=\"--l --r hover:bg-blue-100 hover:dark:bg-blue-600\">of<\/span> <span class=\"--l --r hover:bg-blue-100 hover:dark:bg-blue-600\">Father&#8217;s<\/span> <span class=\"--l --r hover:bg-blue-100 hover:dark:bg-blue-600\">legendary<\/span> <span class=\"--l --r hover:bg-blue-100 hover:dark:bg-blue-600\">barrel<\/span> <span class=\"--l --r hover:bg-blue-100 hover:dark:bg-blue-600\">Numero<\/span> <span class=\"--l --r hover:bg-blue-100 hover:dark:bg-blue-600\">4<\/span>.<\/p>\n<p>[\/vc_column_text][vc_empty_space height=&#8221;12px&#8221;][vc_row_inner el_class=&#8221;info-unter-bild&#8221;][vc_column_inner width=&#8221;1\/3&#8243;][vc_column_text css=&#8221;&#8221;]<\/p>\n<p style=\"text-align: center;\"><strong>VITIGNO:<\/strong><br \/>\nRiesling<\/p>\n<p>[\/vc_column_text][vc_column_text css=&#8221;&#8221;]<\/p>\n<p style=\"text-align: center;\"><strong>ET\u00c0 DELLE VITI:<\/strong><br \/>\n35 anni<\/p>\n<p>[\/vc_column_text][vc_column_text css=&#8221;&#8221;]<\/p>\n<p style=\"text-align: center;\"><strong>SUOLO:<\/strong><br \/>\nghiaia terziaria rossa<\/p>\n<p>[\/vc_column_text][\/vc_column_inner][vc_column_inner width=&#8221;1\/3&#8243;][vc_column_text css=&#8221;&#8221;]<\/p>\n<p style=\"text-align: center;\"><strong>VIGNETI:<\/strong><br \/>\nimpiantati Est\/Ovest<\/p>\n<p>[\/vc_column_text][vc_column_text css=&#8221;&#8221;]<\/p>\n<p style=\"text-align: center;\"><strong>ALTITUDINE:<\/strong><br \/>\n360 metri<\/p>\n<p>[\/vc_column_text][\/vc_column_inner][vc_column_inner width=&#8221;1\/3&#8243;][vc_column_text css=&#8221;&#8221;]<\/p>\n<p style=\"text-align: center;\"><strong>VINIFICAZIONE \/ AFFINAMENTO:<\/strong><br \/>\nvendemmia manuale, pressatura a cesto, fermentazione spontanea e due inverni in grande botte di legno<\/p>\n<p>[\/vc_column_text][vc_column_text css=&#8221;&#8221;]<\/p>\n<p style=\"text-align: center;\"><strong>CHIUSURA:<\/strong><br \/>\nsughero<\/p>\n<p>[\/vc_column_text][vc_column_text css=&#8221;&#8221;]<\/p>\n<p style=\"text-align: center;\"><strong>POTENZIALE DI INVECCHIAMENTO:<\/strong><br \/>\ntutto nei prossimi 25 anni<\/p>\n<p>[\/vc_column_text][\/vc_column_inner][\/vc_row_inner][\/vc_column][\/vc_row][vc_row][vc_column][vc_single_image image=&#8221;2380&#8243; img_size=&#8221;full&#8221; alignment=&#8221;center&#8221; css=&#8221;&#8221;][\/vc_column][\/vc_row][vc_row full_width=&#8221;stretch_row_content_no_spaces&#8221;][vc_column offset=&#8221;vc_hidden-sm vc_hidden-xs&#8221;][vc_raw_html css=&#8221;&#8221;]JTNDZGl2JTIwY2xhc3MlM0QlMjJtYXAlMjIlM0UlMEQlMEElM0NzdmclMjBjbGFzcyUzRCUyMm92ZXJsYXklMjIlMjBpZCUzRCUyMm92ZXJsYXklMjIlMjB2aWV3Qm94JTNEJTIyMCUyMDAlMjA0NjY5JTIwMzAzOSUyMiUyMHhtbG5zJTNEJTIyaHR0cCUzQSUyRiUyRnd3dy53My5vcmclMkYyMDAwJTJGc3ZnJTIyJTIwYXJpYS1sYWJlbCUzRCUyMlJpZWRlbi1PdmVybGF5JTIyJTNFJTA5JTBEJTBBJTA5JTNDYSUyMGhyZWYlM0QlMjJodHRwcyUzQSUyRiUyRm90dC5hdCUyRml0JTJGdmluaSUyRnJpZWQtcm9zZW5iZXJnLWZldWVyc2JydW5uJTJGJTIyJTNFJTBEJTBBJTA5JTIwJTIwJTIwJTIwJTNDcG9seWdvbiUyMGNsYXNzJTNEJTIycmllZCUyMHJpZWQtcm9zZW5iZXJnJTIyJTIwcG9pbnRzJTNEJTIyMTk5Ny4yJTJDMTM0My41JTIwMjA4Ny4yJTJDMTUxMC4zJTIwMjEzMC42JTJDMTQ5My42JTIwMjI0NCUyQzE0OTAuMyUyMDIyNzQlMkMxNTAzLjYlMjAyMzY0JTJDMTQ5MC4zJTIwMjM1NCUyQzE0NjMuNiUyMDIzMzAuNyUyQzE0NTAuMyUyMDIzMDQlMkMxNDE2LjklMjAyMjgwLjclMkMxMzcwLjIlMjAyMjkwLjclMkMxMzIwLjIlMjAyMjQ3LjMlMkMxMzE2LjklMjAyMjMwLjYlMkMxMzAzLjUlMjIlMjB0YWJpbmRleCUzRCUyMjAlMjIlM0UlM0N0aXRsZSUzRVJvc2VuYmVyZyUzQyUyRnRpdGxlJTNFJTNDJTJGcG9seWdvbiUzRSUwRCUwQSUwOSUzQyUyRmElM0UlMEQlMEElMDklM0NhJTIwaHJlZiUzRCUyMmh0dHBzJTNBJTJGJTJGb3R0LmF0JTJGaXQlMkZ2aW5pJTJGcmllZC1zdGVpbi1lbmdhYnJ1bm4lMkYlMjIlM0UlMEQlMEElMDklMjAlMjAlMjAlMjAlM0Nwb2x5Z29uJTIwY2xhc3MlM0QlMjJyaWVkJTIwcmllZC1zdGVpbiUyMiUyMHBvaW50cyUzRCUyMjE1MzclMkMxNTc4LjklMjAxNTI3JTJDMTg0NS43JTIwMTM2My41JTJDMTgzMi40JTIwMTM2MC4yJTJDMTgxNS43JTIwMTI1Ni44JTJDMTg2Mi40JTIwMTI1Ni44JTJDMTc5Mi4zJTIwMTI2My41JTJDMTc1OSUyMDEyNjAuMiUyQzE3MDklMjAxMjcwLjIlMkMxNjU1LjYlMjAxMzc2LjklMkMxNjA4LjklMjIlMjB0YWJpbmRleCUzRCUyMjAlMjIlM0UlM0N0aXRsZSUzRVN0ZWluJTNDJTJGdGl0bGUlM0UlM0MlMkZwb2x5Z29uJTNFJTBEJTBBJTA5JTNDJTJGYSUzRSUwRCUwQSUwOSUzQ2ElMjBocmVmJTNEJTIyaHR0cHMlM0ElMkYlMkZvdHQuYXQlMkZpdCUyRnZpbmklMkZyaWVkLXNwaWVnZWwtZmV1ZXJzYnJ1bm4lMkYlMjIlM0UlMEQlMEElMDklMjAlMjAlMjAlMjAlM0Nwb2x5Z29uJTIwY2xhc3MlM0QlMjJyaWVkJTIwcmllZC1zcGllZ2VsJTIyJTIwcG9pbnRzJTNEJTIyMTc0Ny4xJTJDMTM5MC43JTIwMTc0Ny4xJTJDMTM1NCUyMDE3MzAuNCUyQzEzMjcuMyUyMDE4MzcuMSUyQzEzMjAuNyUyMDE4NzcuMSUyQzEyODQlMjAxOTUwLjUlMkMxMjU0JTIwMTk3My44JTJDMTM0MC43JTIwMjAwNy4yJTJDMTM5NCUyMDE4OTAuNSUyQzE0MTcuNCUyMDE5ODcuMiUyQzE1NDAuOCUyMDE5OTAuNSUyQzE2MDQuMSUyMDE4OTAuNSUyQzE2MTQuMSUyMDE3ODcuMSUyQzE2MjQuMiUyMDE3MzcuMSUyQzE2MDcuNSUyMDE3MjcuMSUyQzE1MzcuNCUyMDE3MTMuNyUyQzE1MTQuMSUyMDE3MDAuNCUyQzE0NzcuNCUyMDE3MDAuNCUyQzE0MTcuNCUyMDE2NzclMkMxNDA0JTIyJTIwdGFiaW5kZXglM0QlMjIwJTIyJTNFJTNDdGl0bGUlM0VTcGllZ2VsJTNDJTJGdGl0bGUlM0UlM0MlMkZwb2x5Z29uJTNFJTBEJTBBJTA5JTNDJTJGYSUzRSUwRCUwQSUwOSUzQ2ElMjBocmVmJTNEJTIyaHR0cHMlM0ElMkYlMkZvdHQuYXQlMkZpdCUyRnZpbmklMkZyaWVkLWtpcmNodGhhbC1mZXVlcnNicnVubiUyRiUyMiUzRSUwRCUwQSUwOSUyMCUyMCUyMCUyMCUzQ3BvbHlnb24lMjBjbGFzcyUzRCUyMnJpZWQlMjByaWVkLWtpcmNodGhhbCUyMiUyMHBvaW50cyUzRCUyMjE5NTAuNSUyQzEyNjMuNSUyMDIwMjMuOSUyQzEyNTAuMiUyMDIwMjMuOSUyQzEyMTAuMSUyMDIwODMuOSUyQzExOTAuMSUyMDIxMDMuOSUyQzEyMTMuNSUyMDIxMzcuMyUyQzExOTYuOCUyMDIxMjcuMyUyQzExODMuNSUyMDIxNTAuNiUyQzExNzMuNCUyMDIxMzMuOSUyQzExNDYuOCUyMDIxNzcuMyUyQzExMzMuNCUyMDIxODAuNiUyQzExMTYuOCUyMDIyNjQlMkMxMDkzLjQlMjAyMzAwLjclMkMxMTM2LjglMjAyMzIwLjclMkMxMTczLjQlMjAyMzI3LjQlMkMxMjIwLjElMjAyMzE3LjMlMkMxMjU2LjglMjAyMjk0JTJDMTMxNi45JTIwMjI0Ny4zJTJDMTMyMC4yJTIwMjIyNCUyQzEzMDMuNSUyMDIxOTAuNiUyQzEzMTAuMiUyMDIxMTcuMiUyQzEzMjMuNSUyMDIwNjcuMiUyQzEzMzAuMiUyMDIwMjAuNSUyQzEzMzYuOSUyMDE5OTMuOSUyQzEzNDMuNSUyMiUyMHRhYmluZGV4JTNEJTIyMCUyMiUzRSUzQ3RpdGxlJTNFS2lyY2h0aGFsJTNDJTJGdGl0bGUlM0UlM0MlMkZwb2x5Z29uJTNFJTBEJTBBJTA5JTNDJTJGYSUzRSUwRCUwQSUzQyUyRnN2ZyUzRSUwRCUwQSUzQyUyRmRpdiUzRQ==[\/vc_raw_html][\/vc_column][\/vc_row][vc_row][vc_column offset=&#8221;vc_hidden-lg vc_hidden-md&#8221;][vc_empty_space height=&#8221;20px&#8221;][vc_column_text]<\/p>\n<h2>I nostri vigneti<\/h2>\n<p>[\/vc_column_text][\/vc_column][\/vc_row][vc_row content_placement=&#8221;middle&#8221;][vc_column width=&#8221;1\/2&#8243; offset=&#8221;vc_hidden-lg vc_hidden-md vc_col-xs-6&#8243;][vc_single_image image=&#8221;2788&#8243; img_size=&#8221;full&#8221; alignment=&#8221;center&#8221; onclick=&#8221;custom_link&#8221; css=&#8221;&#8221; link=&#8221;https:\/\/ott.at\/fr\/vini\/ied-rosenberg-feuersbrunn\/&#8221;][\/vc_column][vc_column width=&#8221;1\/2&#8243; offset=&#8221;vc_hidden-lg vc_hidden-md vc_col-xs-6&#8243;][vc_single_image image=&#8221;2789&#8243; img_size=&#8221;full&#8221; alignment=&#8221;center&#8221; onclick=&#8221;custom_link&#8221; css=&#8221;&#8221; link=&#8221;https:\/\/ott.at\/fr\/vini\/ried-spiegel-feuersbrunn\/&#8221;][\/vc_column][\/vc_row][vc_row content_placement=&#8221;middle&#8221;][vc_column width=&#8221;1\/2&#8243; offset=&#8221;vc_hidden-lg vc_hidden-md vc_col-xs-6&#8243;][vc_single_image image=&#8221;2790&#8243; img_size=&#8221;full&#8221; alignment=&#8221;center&#8221; onclick=&#8221;custom_link&#8221; css=&#8221;&#8221; link=&#8221;https:\/\/ott.at\/fr\/vini\/ried-stein-engabrunn\/&#8221;][\/vc_column][vc_column width=&#8221;1\/2&#8243; offset=&#8221;vc_hidden-lg vc_hidden-md vc_col-xs-6&#8243;][vc_single_image image=&#8221;2791&#8243; img_size=&#8221;full&#8221; alignment=&#8221;center&#8221; onclick=&#8221;custom_link&#8221; css=&#8221;&#8221; link=&#8221;https:\/\/ott.at\/fr\/vini\/ried-kirchthal-feuersbrunn\/&#8221;][\/vc_column][\/vc_row][vc_row gap=&#8221;35&#8243; content_placement=&#8221;middle&#8221; el_id=&#8221;interaktive-riedenkarte-row&#8221;][vc_column width=&#8221;1\/4&#8243;][\/vc_column][vc_column width=&#8221;1\/4&#8243;][vc_column_text css=&#8221;&#8221;]<\/p>\n<h2 style=\"text-align: left;\">Ried KIRCHTHAL Feuersbrunn<\/h2>\n<p style=\"text-align: left;\">vedi sulla mappa interattiva dei vini<\/p>\n<p>[\/vc_column_text][vc_btn title=&#8221;&gt; ALLA MAPPA INTERATTIVA DEI VIGNETI&#8221; align=&#8221;right&#8221; css=&#8221;&#8221; link=&#8221;url:https%3A%2F%2Friedenkarte.ott.at%2F%3Fpoi%3DRied%2520KIRCHTHAL%2520Gr%25C3%25BCner%2520Veltliner|target:_blank|&#8221; el_class=&#8221;ott-nav-btn&#8221;][\/vc_column][vc_column width=&#8221;1\/4&#8243;][vc_single_image image=&#8221;2846&#8243; img_size=&#8221;full&#8221; onclick=&#8221;custom_link&#8221; img_link_target=&#8221;_blank&#8221; css=&#8221;&#8221; link=&#8221;https:\/\/riedenkarte.ott.at\/?poi=Ried%20KIRCHTHAL%20Gr%C3%BCner%20Veltliner&#8221; el_id=&#8221;riedenkarte-vorschaubild&#8221;][\/vc_column][vc_column width=&#8221;1\/4&#8243;][\/vc_column][\/vc_row][vc_row disable_element=&#8221;yes&#8221;][vc_column][vc_empty_space height=&#8221;50px&#8221;][\/vc_column][\/vc_row][vc_row full_width=&#8221;stretch_row&#8221; css=&#8221;.vc_custom_1755672132115{background-image: url(https:\/\/ott.at\/wp-content\/uploads\/2025\/08\/fass4_im_laufe_der_zeit-min-scaled.jpg?id=489) !important;}&#8221; row_title=&#8221;datenblaetter-row&#8221; el_class=&#8221;datenblaetter-row&#8221;][vc_column width=&#8221;2\/5&#8243;][\/vc_column][vc_column width=&#8221;3\/5&#8243; el_class=&#8221;abrissbox querformat&#8221;][vc_column_text css=&#8221;&#8221;]<\/p>\n<h2>Ried KIRCHTHAL NEL CORSO DEL TEMPO<\/h2>\n<p>Numeri e fatti principali riassunti in una scheda tecnica. Di annata in annata.<\/p>\n<p>&nbsp;<\/p>\n<p><strong>Gr\u00fcner Veltliner<\/strong><\/p>\n<ul>\n<li><a href=\"https:\/\/ott.at\/wp-content\/uploads\/2025\/09\/OTT_KichthalGV_2023.pdf\" target=\"_blank\" rel=\"noopener\">2023<\/a><\/li>\n<li><a href=\"https:\/\/ott.at\/wp-content\/uploads\/2025\/09\/OTT_KirchthalGV_2021.pdf\" target=\"_blank\" rel=\"noopener\">2021<\/a><\/li>\n<\/ul>\n<p>&nbsp;<\/p>\n<p><strong>Riesling<\/strong><\/p>\n<ul>\n<li><a href=\"https:\/\/ott.at\/wp-content\/uploads\/2025\/09\/OTT_KirchthalRiesling_2023.pdf\" target=\"_blank\" rel=\"noopener\">2023<\/a><\/li>\n<li><a href=\"https:\/\/ott.at\/wp-content\/uploads\/2025\/09\/OTT_KirchthalRiesling_2021_E.pdf\" target=\"_blank\" rel=\"noopener\">2021<\/a><\/li>\n<\/ul>\n<p>[\/vc_column_text][\/vc_column][\/vc_row]<\/p>\n<\/div>","protected":false},"excerpt":{"rendered":"<p>[vc_row el_id=&#8221;revslider&#8221;][vc_column][\/vc_column][\/vc_row][vc_row content_placement=&#8221;middle&#8221; css=&#8221;.vc_custom_1755686532154{margin-top: 35px !important;}&#8221; el_id=&#8221;lagenwein-intro-row&#8221;][vc_column width=&#8221;1\/2&#8243;][vc_column_text css=&#8221;&#8221;] Ried KIRCHTHAL Feuersbrunn [\/vc_column_text][vc_single_image image=&#8221;2842&#8243; img_size=&#8221;full&#8221; alignment=&#8221;right&#8221; css=&#8221;&#8221;][\/vc_column][vc_column width=&#8221;1\/2&#8243;][vc_single_image image=&#8221;2843&#8243; img_size=&#8221;full&#8221; alignment=&#8221;center&#8221; css=&#8221;&#8221;][vc_column_text css=&#8221;&#8221; el_class=&#8221;abrissbox querformat&#8221;] OTT moltiplicato per 2. Vigneti Veltliner e Riesling. Le viti del Riesling provengono dalla regione del Nahe e sono state innestate da noi nel 1989. Vini dall\u2019aroma molto fine e [&hellip;]<\/p>\n","protected":false},"author":1,"featured_media":0,"parent":2802,"menu_order":0,"comment_status":"closed","ping_status":"closed","template":"","meta":{"_acf_changed":false,"inline_featured_image":false,"ocean_post_layout":"","ocean_both_sidebars_style":"","ocean_both_sidebars_content_width":0,"ocean_both_sidebars_sidebars_width":0,"ocean_sidebar":"0","ocean_second_sidebar":"0","ocean_disable_margins":"enable","ocean_add_body_class":"","ocean_shortcode_before_top_bar":"","ocean_shortcode_after_top_bar":"","ocean_shortcode_before_header":"","ocean_shortcode_after_header":"","ocean_has_shortcode":"","ocean_shortcode_after_title":"","ocean_shortcode_before_footer_widgets":"","ocean_shortcode_after_footer_widgets":"","ocean_shortcode_before_footer_bottom":"","ocean_shortcode_after_footer_bottom":"","ocean_display_top_bar":"default","ocean_display_header":"default","ocean_header_style":"","ocean_center_header_left_menu":"0","ocean_custom_header_template":"0","ocean_custom_logo":0,"ocean_custom_retina_logo":0,"ocean_custom_logo_max_width":0,"ocean_custom_logo_tablet_max_width":0,"ocean_custom_logo_mobile_max_width":0,"ocean_custom_logo_max_height":0,"ocean_custom_logo_tablet_max_height":0,"ocean_custom_logo_mobile_max_height":0,"ocean_header_custom_menu":"0","ocean_menu_typo_font_family":"0","ocean_menu_typo_font_subset":"","ocean_menu_typo_font_size":0,"ocean_menu_typo_font_size_tablet":0,"ocean_menu_typo_font_size_mobile":0,"ocean_menu_typo_font_size_unit":"px","ocean_menu_typo_font_weight":"","ocean_menu_typo_font_weight_tablet":"","ocean_menu_typo_font_weight_mobile":"","ocean_menu_typo_transform":"","ocean_menu_typo_transform_tablet":"","ocean_menu_typo_transform_mobile":"","ocean_menu_typo_line_height":0,"ocean_menu_typo_line_height_tablet":0,"ocean_menu_typo_line_height_mobile":0,"ocean_menu_typo_line_height_unit":"","ocean_menu_typo_spacing":0,"ocean_menu_typo_spacing_tablet":0,"ocean_menu_typo_spacing_mobile":0,"ocean_menu_typo_spacing_unit":"","ocean_menu_link_color":"","ocean_menu_link_color_hover":"","ocean_menu_link_color_active":"","ocean_menu_link_background":"","ocean_menu_link_hover_background":"","ocean_menu_link_active_background":"","ocean_menu_social_links_bg":"","ocean_menu_social_hover_links_bg":"","ocean_menu_social_links_color":"","ocean_menu_social_hover_links_color":"","ocean_disable_title":"default","ocean_disable_heading":"default","ocean_post_title":"","ocean_post_subheading":"","ocean_post_title_style":"","ocean_post_title_background_color":"","ocean_post_title_background":0,"ocean_post_title_bg_image_position":"","ocean_post_title_bg_image_attachment":"","ocean_post_title_bg_image_repeat":"","ocean_post_title_bg_image_size":"","ocean_post_title_height":0,"ocean_post_title_bg_overlay":0.5,"ocean_post_title_bg_overlay_color":"","ocean_disable_breadcrumbs":"default","ocean_breadcrumbs_color":"","ocean_breadcrumbs_separator_color":"","ocean_breadcrumbs_links_color":"","ocean_breadcrumbs_links_hover_color":"","ocean_display_footer_widgets":"default","ocean_display_footer_bottom":"default","ocean_custom_footer_template":"0","footnotes":""},"class_list":["post-2847","page","type-page","status-publish","hentry","entry","owp-thumbs-layout-horizontal","owp-btn-normal","owp-tabs-layout-horizontal","has-no-thumbnails"],"acf":[],"yoast_head":"<!-- This site is optimized with the Yoast SEO plugin v27.4 - https:\/\/yoast.com\/product\/yoast-seo-wordpress\/ -->\n<title>Ried KIRCHTHAL Feuersbrunn - Weingut Bernhard Ott<\/title>\n<meta name=\"robots\" content=\"index, follow, max-snippet:-1, max-image-preview:large, max-video-preview:-1\" \/>\n<link rel=\"canonical\" href=\"https:\/\/ott.at\/it\/vini\/ried-kirchthal-feuersbrunn\/\" \/>\n<meta property=\"og:locale\" content=\"it_IT\" \/>\n<meta property=\"og:type\" content=\"article\" \/>\n<meta property=\"og:title\" content=\"Ried KIRCHTHAL Feuersbrunn - Weingut Bernhard Ott\" \/>\n<meta property=\"og:description\" content=\"[vc_row el_id=&#8221;revslider&#8221;][vc_column][\/vc_column][\/vc_row][vc_row content_placement=&#8221;middle&#8221; css=&#8221;.vc_custom_1755686532154{margin-top: 35px !important;}&#8221; el_id=&#8221;lagenwein-intro-row&#8221;][vc_column width=&#8221;1\/2&#8243;][vc_column_text css=&#8221;&#8221;] Ried KIRCHTHAL Feuersbrunn [\/vc_column_text][vc_single_image image=&#8221;2842&#8243; img_size=&#8221;full&#8221; alignment=&#8221;right&#8221; css=&#8221;&#8221;][\/vc_column][vc_column width=&#8221;1\/2&#8243;][vc_single_image image=&#8221;2843&#8243; img_size=&#8221;full&#8221; alignment=&#8221;center&#8221; css=&#8221;&#8221;][vc_column_text css=&#8221;&#8221; el_class=&#8221;abrissbox querformat&#8221;] OTT moltiplicato per 2. Vigneti Veltliner e Riesling. Le viti del Riesling provengono dalla regione del Nahe e sono state innestate da noi nel 1989. Vini dall\u2019aroma molto fine e [&hellip;]\" \/>\n<meta property=\"og:url\" content=\"https:\/\/ott.at\/it\/vini\/ried-kirchthal-feuersbrunn\/\" \/>\n<meta property=\"og:site_name\" content=\"Weingut Bernhard Ott\" \/>\n<meta property=\"article:publisher\" content=\"https:\/\/www.facebook.com\/WeingutBernhardOtt\/\" \/>\n<meta property=\"article:modified_time\" content=\"2026-02-11T11:02:38+00:00\" \/>\n<script type=\"application\/ld+json\" class=\"yoast-schema-graph\">{\"@context\":\"https:\\\/\\\/schema.org\",\"@graph\":[{\"@type\":\"WebPage\",\"@id\":\"https:\\\/\\\/ott.at\\\/it\\\/vini\\\/ried-kirchthal-feuersbrunn\\\/\",\"url\":\"https:\\\/\\\/ott.at\\\/it\\\/vini\\\/ried-kirchthal-feuersbrunn\\\/\",\"name\":\"Ried KIRCHTHAL Feuersbrunn - Weingut Bernhard Ott\",\"isPartOf\":{\"@id\":\"https:\\\/\\\/ott.at\\\/it\\\/#website\"},\"datePublished\":\"2025-09-15T07:57:09+00:00\",\"dateModified\":\"2026-02-11T11:02:38+00:00\",\"breadcrumb\":{\"@id\":\"https:\\\/\\\/ott.at\\\/it\\\/vini\\\/ried-kirchthal-feuersbrunn\\\/#breadcrumb\"},\"inLanguage\":\"it-IT\",\"potentialAction\":[{\"@type\":\"ReadAction\",\"target\":[\"https:\\\/\\\/ott.at\\\/it\\\/vini\\\/ried-kirchthal-feuersbrunn\\\/\"]}]},{\"@type\":\"BreadcrumbList\",\"@id\":\"https:\\\/\\\/ott.at\\\/it\\\/vini\\\/ried-kirchthal-feuersbrunn\\\/#breadcrumb\",\"itemListElement\":[{\"@type\":\"ListItem\",\"position\":1,\"name\":\"Startseite\",\"item\":\"https:\\\/\\\/ott.at\\\/it\\\/\"},{\"@type\":\"ListItem\",\"position\":2,\"name\":\"Vini\",\"item\":\"https:\\\/\\\/ott.at\\\/it\\\/vini\\\/\"},{\"@type\":\"ListItem\",\"position\":3,\"name\":\"Ried KIRCHTHAL Feuersbrunn\"}]},{\"@type\":\"WebSite\",\"@id\":\"https:\\\/\\\/ott.at\\\/it\\\/#website\",\"url\":\"https:\\\/\\\/ott.at\\\/it\\\/\",\"name\":\"Weingut Bernhard Ott\",\"description\":\"Ein Leben in der Balance\",\"publisher\":{\"@id\":\"https:\\\/\\\/ott.at\\\/it\\\/#organization\"},\"potentialAction\":[{\"@type\":\"SearchAction\",\"target\":{\"@type\":\"EntryPoint\",\"urlTemplate\":\"https:\\\/\\\/ott.at\\\/it\\\/?s={search_term_string}\"},\"query-input\":{\"@type\":\"PropertyValueSpecification\",\"valueRequired\":true,\"valueName\":\"search_term_string\"}}],\"inLanguage\":\"it-IT\"},{\"@type\":\"Organization\",\"@id\":\"https:\\\/\\\/ott.at\\\/it\\\/#organization\",\"name\":\"Weingut Bernhard Ott\",\"url\":\"https:\\\/\\\/ott.at\\\/it\\\/\",\"logo\":{\"@type\":\"ImageObject\",\"inLanguage\":\"it-IT\",\"@id\":\"https:\\\/\\\/ott.at\\\/it\\\/#\\\/schema\\\/logo\\\/image\\\/\",\"url\":\"https:\\\/\\\/ott.at\\\/wp-content\\\/uploads\\\/2025\\\/06\\\/Weingut-Ott-Logo-mit-Punkten.svg\",\"contentUrl\":\"https:\\\/\\\/ott.at\\\/wp-content\\\/uploads\\\/2025\\\/06\\\/Weingut-Ott-Logo-mit-Punkten.svg\",\"width\":177,\"height\":64,\"caption\":\"Weingut Bernhard Ott\"},\"image\":{\"@id\":\"https:\\\/\\\/ott.at\\\/it\\\/#\\\/schema\\\/logo\\\/image\\\/\"},\"sameAs\":[\"https:\\\/\\\/www.facebook.com\\\/WeingutBernhardOtt\\\/\",\"https:\\\/\\\/www.instagram.com\\\/ott.at\\\/?hl=de\"]}]}<\/script>\n<!-- \/ Yoast SEO plugin. -->","yoast_head_json":{"title":"Ried KIRCHTHAL Feuersbrunn - Weingut Bernhard Ott","robots":{"index":"index","follow":"follow","max-snippet":"max-snippet:-1","max-image-preview":"max-image-preview:large","max-video-preview":"max-video-preview:-1"},"canonical":"https:\/\/ott.at\/it\/vini\/ried-kirchthal-feuersbrunn\/","og_locale":"it_IT","og_type":"article","og_title":"Ried KIRCHTHAL Feuersbrunn - Weingut Bernhard Ott","og_description":"[vc_row el_id=&#8221;revslider&#8221;][vc_column][\/vc_column][\/vc_row][vc_row content_placement=&#8221;middle&#8221; css=&#8221;.vc_custom_1755686532154{margin-top: 35px !important;}&#8221; el_id=&#8221;lagenwein-intro-row&#8221;][vc_column width=&#8221;1\/2&#8243;][vc_column_text css=&#8221;&#8221;] Ried KIRCHTHAL Feuersbrunn [\/vc_column_text][vc_single_image image=&#8221;2842&#8243; img_size=&#8221;full&#8221; alignment=&#8221;right&#8221; css=&#8221;&#8221;][\/vc_column][vc_column width=&#8221;1\/2&#8243;][vc_single_image image=&#8221;2843&#8243; img_size=&#8221;full&#8221; alignment=&#8221;center&#8221; css=&#8221;&#8221;][vc_column_text css=&#8221;&#8221; el_class=&#8221;abrissbox querformat&#8221;] OTT moltiplicato per 2. Vigneti Veltliner e Riesling. Le viti del Riesling provengono dalla regione del Nahe e sono state innestate da noi nel 1989. Vini dall\u2019aroma molto fine e [&hellip;]","og_url":"https:\/\/ott.at\/it\/vini\/ried-kirchthal-feuersbrunn\/","og_site_name":"Weingut Bernhard Ott","article_publisher":"https:\/\/www.facebook.com\/WeingutBernhardOtt\/","article_modified_time":"2026-02-11T11:02:38+00:00","schema":{"@context":"https:\/\/schema.org","@graph":[{"@type":"WebPage","@id":"https:\/\/ott.at\/it\/vini\/ried-kirchthal-feuersbrunn\/","url":"https:\/\/ott.at\/it\/vini\/ried-kirchthal-feuersbrunn\/","name":"Ried KIRCHTHAL Feuersbrunn - Weingut Bernhard Ott","isPartOf":{"@id":"https:\/\/ott.at\/it\/#website"},"datePublished":"2025-09-15T07:57:09+00:00","dateModified":"2026-02-11T11:02:38+00:00","breadcrumb":{"@id":"https:\/\/ott.at\/it\/vini\/ried-kirchthal-feuersbrunn\/#breadcrumb"},"inLanguage":"it-IT","potentialAction":[{"@type":"ReadAction","target":["https:\/\/ott.at\/it\/vini\/ried-kirchthal-feuersbrunn\/"]}]},{"@type":"BreadcrumbList","@id":"https:\/\/ott.at\/it\/vini\/ried-kirchthal-feuersbrunn\/#breadcrumb","itemListElement":[{"@type":"ListItem","position":1,"name":"Startseite","item":"https:\/\/ott.at\/it\/"},{"@type":"ListItem","position":2,"name":"Vini","item":"https:\/\/ott.at\/it\/vini\/"},{"@type":"ListItem","position":3,"name":"Ried KIRCHTHAL Feuersbrunn"}]},{"@type":"WebSite","@id":"https:\/\/ott.at\/it\/#website","url":"https:\/\/ott.at\/it\/","name":"Weingut Bernhard Ott","description":"Ein Leben in der Balance","publisher":{"@id":"https:\/\/ott.at\/it\/#organization"},"potentialAction":[{"@type":"SearchAction","target":{"@type":"EntryPoint","urlTemplate":"https:\/\/ott.at\/it\/?s={search_term_string}"},"query-input":{"@type":"PropertyValueSpecification","valueRequired":true,"valueName":"search_term_string"}}],"inLanguage":"it-IT"},{"@type":"Organization","@id":"https:\/\/ott.at\/it\/#organization","name":"Weingut Bernhard Ott","url":"https:\/\/ott.at\/it\/","logo":{"@type":"ImageObject","inLanguage":"it-IT","@id":"https:\/\/ott.at\/it\/#\/schema\/logo\/image\/","url":"https:\/\/ott.at\/wp-content\/uploads\/2025\/06\/Weingut-Ott-Logo-mit-Punkten.svg","contentUrl":"https:\/\/ott.at\/wp-content\/uploads\/2025\/06\/Weingut-Ott-Logo-mit-Punkten.svg","width":177,"height":64,"caption":"Weingut Bernhard Ott"},"image":{"@id":"https:\/\/ott.at\/it\/#\/schema\/logo\/image\/"},"sameAs":["https:\/\/www.facebook.com\/WeingutBernhardOtt\/","https:\/\/www.instagram.com\/ott.at\/?hl=de"]}]}},"_links":{"self":[{"href":"https:\/\/ott.at\/it\/wp-json\/wp\/v2\/pages\/2847","targetHints":{"allow":["GET"]}}],"collection":[{"href":"https:\/\/ott.at\/it\/wp-json\/wp\/v2\/pages"}],"about":[{"href":"https:\/\/ott.at\/it\/wp-json\/wp\/v2\/types\/page"}],"author":[{"embeddable":true,"href":"https:\/\/ott.at\/it\/wp-json\/wp\/v2\/users\/1"}],"replies":[{"embeddable":true,"href":"https:\/\/ott.at\/it\/wp-json\/wp\/v2\/comments?post=2847"}],"version-history":[{"count":10,"href":"https:\/\/ott.at\/it\/wp-json\/wp\/v2\/pages\/2847\/revisions"}],"predecessor-version":[{"id":2870,"href":"https:\/\/ott.at\/it\/wp-json\/wp\/v2\/pages\/2847\/revisions\/2870"}],"up":[{"embeddable":true,"href":"https:\/\/ott.at\/it\/wp-json\/wp\/v2\/pages\/2802"}],"wp:attachment":[{"href":"https:\/\/ott.at\/it\/wp-json\/wp\/v2\/media?parent=2847"}],"curies":[{"name":"wp","href":"https:\/\/api.w.org\/{rel}","templated":true}]}}